{"id":3148,"date":"2024-08-05T15:18:17","date_gmt":"2024-08-05T15:18:17","guid":{"rendered":"https:\/\/propack.com.uy\/sustentabilidad\/"},"modified":"2025-05-18T23:10:25","modified_gmt":"2025-05-18T23:10:25","slug":"sustentabilidad","status":"publish","type":"page","link":"https:\/\/propack.com.uy\/pt-br\/sustentabilidad\/","title":{"rendered":"Sustentabilidad"},"content":{"rendered":"\n<div class=\"row row-collapse row-full-width\"  id=\"row-1878568476\">\n\n\n\t<div id=\"col-311171087\" class=\"col small-12 large-12\"  >\n\t\t\t\t<div class=\"col-inner\"  >\n\t\t\t\n\t\t\t\n\n\n  <div class=\"banner has-hover\" id=\"banner-1381408072\">\n          <div class=\"banner-inner fill\">\n        <div class=\"banner-bg fill\" >\n            <img loading=\"lazy\" decoding=\"async\" width=\"1020\" height=\"231\" src=\"https:\/\/propack.com.uy\/wp-content\/uploads\/2024\/11\/sostenible.jpg\" class=\"bg attachment-large size-large\" alt=\"\" \/>                        <div class=\"overlay\"><\/div>            \n                    <\/div>\n\t\t\n        <div class=\"banner-layers container\">\n            <div class=\"fill banner-link\"><\/div>            \n\n   <div id=\"text-box-277164103\" class=\"text-box banner-layer x5 md-x5 lg-x5 y30 md-y30 lg-y30 res-text\">\n                                <div class=\"text-box-content text dark\">\n              \n              <div class=\"text-inner text-left\">\n                  \n\n\t<div id=\"text-3655266336\" class=\"text\">\n\t\t\n\n<h2 class=\"uppercase\"><strong>sustentabilidade<\/strong><\/h2>\n\n\t\t\n<style>\n#text-3655266336 {\n  line-height: 1.7;\n}\n<\/style>\n\t<\/div>\n\t\n\n              <\/div>\n           <\/div>\n                            \n<style>\n#text-box-277164103 {\n  width: 60%;\n}\n#text-box-277164103 .text-box-content {\n  font-size: 100%;\n}\n@media (min-width:550px) {\n  #text-box-277164103 {\n    width: 40%;\n  }\n}\n<\/style>\n    <\/div>\n \n\n        <\/div>\n      <\/div>\n\n            \n<style>\n#banner-1381408072 {\n  padding-top: 400px;\n}\n#banner-1381408072 .overlay {\n  background-color: rgba(0, 0, 0, 0.31);\n}\n#banner-1381408072 .banner-bg img {\n  object-position: 31% 41%;\n}\n<\/style>\n  <\/div>\n\n\n\n\t\t<\/div>\n\t\t\t\t\t<\/div>\n\n\t\n\n<\/div>\n\t<div id=\"gap-1197735437\" class=\"gap-element clearfix\" style=\"display:block; height:auto;\">\n\t\t\n<style>\n#gap-1197735437 {\n  padding-top: 30px;\n}\n<\/style>\n\t<\/div>\n\t\n\n<div class=\"row\"  id=\"row-315584790\">\n\n\n\t<div id=\"col-941318365\" class=\"col medium-6 small-12 large-6\"  >\n\t\t\t\t<div class=\"col-inner\"  >\n\t\t\t\n\t\t\t\n\n<p>Nosso compromisso com o meio ambiente \u00e9 uma prioridade. Por isso, investimos constantemente em pesquisa e desenvolvimento, em tecnologias limpas e na melhoria dos processos produtivos. Buscamos a minimiza\u00e7\u00e3o dos res\u00edduos industriais e a maximiza\u00e7\u00e3o da reutiliza\u00e7\u00e3o de descartes e sobras internas, reintroduzindo-os no processo produtivo para formar novos produtos que mant\u00eam intactas a qualidade e as condi\u00e7\u00f5es de aptid\u00e3o para contato com alimentos.<\/p>\n<p>Em nossos produtos de PET utilizamos mat\u00e9ria-prima p\u00f3s-consumo certificada. Essa mat\u00e9ria-prima \u00e9 produzida a partir de garrafas e embalagens coletadas pela <strong><a href=\"https:\/\/ecopet.com.uy\/sitio\/\" target=\"_blank\" rel=\"noopener\">Ecopet-CristalPET<\/a> (filial uruguaia do Grupo Envases M\u00e9xico)<\/strong>, por meio de um plano inclusivo que abrange todo o processo desde a coleta da embalagem suja, a classifica\u00e7\u00e3o, a lavagem, a gera\u00e7\u00e3o de flakes aptos para contato com alimentos e a peletiza\u00e7\u00e3o em mat\u00e9ria-prima certificada.<\/p>\n<p>Estamos comprometidos com o desenvolvimento sustent\u00e1vel, utilizando e desenvolvendo tecnologias que protegem o meio ambiente.<\/p>\n<p>Todas as unidades de neg\u00f3cio foram concebidas com base em crit\u00e9rios de sustentabilidade, priorizando o design e o desenvolvimento de processos e produtos, a racionaliza\u00e7\u00e3o de mat\u00e9rias-primas, energia e a seguran\u00e7a ocupacional.<\/p>\n<p>Todas as mat\u00e9rias-primas que utilizamos e os produtos que fornecemos s\u00e3o 100% recicl\u00e1veis.<\/p>\n\n\n\t\t<\/div>\n\t\t\t\t\t<\/div>\n\n\t\n\n\t<div id=\"col-1705231123\" class=\"col medium-6 small-12 large-6\"  >\n\t\t\t\t<div class=\"col-inner\"  >\n\t\t\t\n\t\t\t\n\n<div class=\"video video-fit mb\" style=\"padding-top:56.25%;\"><iframe loading=\"lazy\" title=\"Propack\" width=\"1020\" height=\"574\" src=\"https:\/\/www.youtube.com\/embed\/LemtM3UcCug?feature=oembed\" frameborder=\"0\" allow=\"accelerometer; autoplay; clipboard-write; encrypted-media; gyroscope; picture-in-picture; web-share\" referrerpolicy=\"strict-origin-when-cross-origin\" allowfullscreen><\/iframe><\/div>\n\n<div class=\"video video-fit mb\" style=\"padding-top:56.25%;\"><p><iframe loading=\"lazy\" title=\"INAUGURACI\u00d3N L\u00cdNEA DE PRODUCCI\u00d3N rPET\" width=\"1020\" height=\"574\" src=\"https:\/\/www.youtube.com\/embed\/LC_QTVucPUk?feature=oembed\" frameborder=\"0\" allow=\"accelerometer; autoplay; clipboard-write; encrypted-media; gyroscope; picture-in-picture; web-share\" referrerpolicy=\"strict-origin-when-cross-origin\" allowfullscreen><\/iframe><\/p>\n<\/div>\n\n\n\t\t<\/div>\n\t\t\t\t\t<\/div>\n\n\t\n\n<\/div>\n\t<div id=\"gap-820327998\" class=\"gap-element clearfix\" style=\"display:block; height:auto;\">\n\t\t\n<style>\n#gap-820327998 {\n  padding-top: 30px;\n}\n<\/style>\n\t<\/div>\n\t\n\n<div class=\"row\"  id=\"row-228123361\">\n\n\n\t<div id=\"col-1139326592\" class=\"col medium-6 small-12 large-6\"  >\n\t\t\t\t<div class=\"col-inner\"  >\n\t\t\t\n\t\t\t\n\n\t<div class=\"img has-hover x md-x lg-x y md-y lg-y\" id=\"image_144354454\">\n\t\t\t\t\t\t\t\t<div class=\"img-inner dark\" >\n\t\t\t<img loading=\"lazy\" decoding=\"async\" width=\"800\" height=\"600\" src=\"https:\/\/propack.com.uy\/wp-content\/uploads\/2024\/12\/SLIDER1.jpg\" class=\"attachment-large size-large\" alt=\"\" srcset=\"https:\/\/propack.com.uy\/wp-content\/uploads\/2024\/12\/SLIDER1.jpg 800w, https:\/\/propack.com.uy\/wp-content\/uploads\/2024\/12\/SLIDER1-533x400.jpg 533w, https:\/\/propack.com.uy\/wp-content\/uploads\/2024\/12\/SLIDER1-768x576.jpg 768w, https:\/\/propack.com.uy\/wp-content\/uploads\/2024\/12\/SLIDER1-600x450.jpg 600w\" sizes=\"auto, (max-width: 800px) 100vw, 800px\" \/>\t\t\t\t\t\t\n\t\t\t\t\t<\/div>\n\t\t\t\t\t\t\t\t\n<style>\n#image_144354454 {\n  width: 100%;\n}\n<\/style>\n\t<\/div>\n\t\n\n\n\t\t<\/div>\n\t\t\t\t\t<\/div>\n\n\t\n\n\t<div id=\"col-9265736\" class=\"col medium-6 small-12 large-6\"  >\n\t\t\t\t<div class=\"col-inner\"  >\n\t\t\t\n\t\t\t\n\n<h1>1.<\/h1>\n<h5><strong>Propack<\/strong> \u00e9 a <strong>\u00fanica empresa de embalagens termoformadas no Uruguai<\/strong> que conta com um <strong>plano de economia circular<\/strong> em funcionamento, <strong>produzindo embalagens aptas<\/strong> para <strong>contato com alimentos, fabricadas com at\u00e9 100% de material PCR (reciclado p\u00f3s-consumo).<\/strong><\/h5>\n\n\n\t\t<\/div>\n\t\t\t\t\t<\/div>\n\n\t\n\n<\/div>\n<div class=\"row\"  id=\"row-298957601\">\n\n\n\t<div id=\"col-1596826689\" class=\"col medium-6 small-12 large-6\"  >\n\t\t\t\t<div class=\"col-inner\"  >\n\t\t\t\n\t\t\t\n\n\t<div class=\"img has-hover x md-x lg-x y md-y lg-y\" id=\"image_1649961609\">\n\t\t\t\t\t\t\t\t<div class=\"img-inner dark\" >\n\t\t\t<img loading=\"lazy\" decoding=\"async\" width=\"1014\" height=\"639\" src=\"https:\/\/propack.com.uy\/wp-content\/uploads\/2024\/12\/SLIDER2.jpg\" class=\"attachment-large size-large\" alt=\"\" srcset=\"https:\/\/propack.com.uy\/wp-content\/uploads\/2024\/12\/SLIDER2.jpg 1014w, https:\/\/propack.com.uy\/wp-content\/uploads\/2024\/12\/SLIDER2-635x400.jpg 635w, https:\/\/propack.com.uy\/wp-content\/uploads\/2024\/12\/SLIDER2-768x484.jpg 768w, https:\/\/propack.com.uy\/wp-content\/uploads\/2024\/12\/SLIDER2-600x378.jpg 600w\" sizes=\"auto, (max-width: 1014px) 100vw, 1014px\" \/>\t\t\t\t\t\t\n\t\t\t\t\t<\/div>\n\t\t\t\t\t\t\t\t\n<style>\n#image_1649961609 {\n  width: 100%;\n}\n<\/style>\n\t<\/div>\n\t\n\n\n\t\t<\/div>\n\t\t\t\t\t<\/div>\n\n\t\n\n\t<div id=\"col-577339634\" class=\"col medium-6 small-12 large-6\"  >\n\t\t\t\t<div class=\"col-inner\"  >\n\t\t\t\n\t\t\t\n\n<h1>2.<\/h1>\n<h5>As garrafas e embalagens de PET p\u00f3s-consumo chegam \u00e0 planta de reprocessamento em fardos classificados por material, coletados por meio de um plano socialmente inclusivo.<\/h5>\n\n\n\t\t<\/div>\n\t\t\t\t\t<\/div>\n\n\t\n\n<\/div>\n<div class=\"row\"  id=\"row-1953544554\">\n\n\n\t<div id=\"col-219139213\" class=\"col medium-6 small-12 large-6\"  >\n\t\t\t\t<div class=\"col-inner\"  >\n\t\t\t\n\t\t\t\n\n<h1>3.<\/h1>\n<h5>O material entra na \u00e1rea de reclassifica\u00e7\u00e3o e passa por um processo de m\u00faltiplas lavagens e moagem, eliminando as impurezas e sujeiras por meio de um processo de filtragem e lavagem altamente eficiente e minucioso.<\/h5>\n\n\n\t\t<\/div>\n\t\t\t\t\t<\/div>\n\n\t\n\n\t<div id=\"col-958944723\" class=\"col medium-6 small-12 large-6\"  >\n\t\t\t\t<div class=\"col-inner\"  >\n\t\t\t\n\t\t\t\n\n\t<div class=\"img has-hover x md-x lg-x y md-y lg-y\" id=\"image_1557927511\">\n\t\t\t\t\t\t\t\t<div class=\"img-inner dark\" >\n\t\t\t<img loading=\"lazy\" decoding=\"async\" width=\"1020\" height=\"534\" src=\"https:\/\/propack.com.uy\/wp-content\/uploads\/2024\/12\/SLIDER3.jpg\" class=\"attachment-large size-large\" alt=\"\" srcset=\"https:\/\/propack.com.uy\/wp-content\/uploads\/2024\/12\/SLIDER3.jpg 1290w, https:\/\/propack.com.uy\/wp-content\/uploads\/2024\/12\/SLIDER3-764x400.jpg 764w, https:\/\/propack.com.uy\/wp-content\/uploads\/2024\/12\/SLIDER3-768x402.jpg 768w, https:\/\/propack.com.uy\/wp-content\/uploads\/2024\/12\/SLIDER3-600x314.jpg 600w\" sizes=\"auto, (max-width: 1020px) 100vw, 1020px\" \/>\t\t\t\t\t\t\n\t\t\t\t\t<\/div>\n\t\t\t\t\t\t\t\t\n<style>\n#image_1557927511 {\n  width: 100%;\n}\n<\/style>\n\t<\/div>\n\t\n\n\n\t\t<\/div>\n\t\t\t\t\t<\/div>\n\n\t\n\n<\/div>\n<div class=\"row\"  id=\"row-1790177762\">\n\n\n\t<div id=\"col-1633547440\" class=\"col medium-6 small-12 large-6\"  >\n\t\t\t\t<div class=\"col-inner\"  >\n\t\t\t\n\t\t\t\n\n\t<div class=\"img has-hover x md-x lg-x y md-y lg-y\" id=\"image_626225268\">\n\t\t\t\t\t\t\t\t<div class=\"img-inner dark\" >\n\t\t\t<img loading=\"lazy\" decoding=\"async\" width=\"1020\" height=\"718\" src=\"https:\/\/propack.com.uy\/wp-content\/uploads\/2024\/12\/SLIDER4-1136x800.jpg\" class=\"attachment-large size-large\" alt=\"\" srcset=\"https:\/\/propack.com.uy\/wp-content\/uploads\/2024\/12\/SLIDER4-1136x800.jpg 1136w, https:\/\/propack.com.uy\/wp-content\/uploads\/2024\/12\/SLIDER4-568x400.jpg 568w, https:\/\/propack.com.uy\/wp-content\/uploads\/2024\/12\/SLIDER4-768x541.jpg 768w, https:\/\/propack.com.uy\/wp-content\/uploads\/2024\/12\/SLIDER4-1536x1082.jpg 1536w, https:\/\/propack.com.uy\/wp-content\/uploads\/2024\/12\/SLIDER4-600x423.jpg 600w, https:\/\/propack.com.uy\/wp-content\/uploads\/2024\/12\/SLIDER4.jpg 1600w\" sizes=\"auto, (max-width: 1020px) 100vw, 1020px\" \/>\t\t\t\t\t\t\n\t\t\t\t\t<\/div>\n\t\t\t\t\t\t\t\t\n<style>\n#image_626225268 {\n  width: 100%;\n}\n<\/style>\n\t<\/div>\n\t\n\n\n\t\t<\/div>\n\t\t\t\t\t<\/div>\n\n\t\n\n\t<div id=\"col-1678607059\" class=\"col medium-6 small-12 large-6\"  >\n\t\t\t\t<div class=\"col-inner\"  >\n\t\t\t\n\t\t\t\n\n<h1>4.<\/h1>\n<h5>O material lavado, limpo e mo\u00eddo em pequenos peda\u00e7os de PET passa por um sistema de secagem e por um sistema de \u00faltima gera\u00e7\u00e3o que analisa o material, classificando-o como material perfeitamente puro e reprocessando-o at\u00e9 eliminar completamente qualquer impureza.<\/h5>\n\n\n\t\t<\/div>\n\t\t\t\t\t<\/div>\n\n\t\n\n<\/div>\n<div class=\"row\"  id=\"row-261725353\">\n\n\n\t<div id=\"col-636978608\" class=\"col medium-6 small-12 large-6\"  >\n\t\t\t\t<div class=\"col-inner\"  >\n\t\t\t\n\t\t\t\n\n<h1>5.<\/h1>\n<h5>O material passa por um processo especial de transforma\u00e7\u00e3o em pellets, durante o qual \u00e9 garantido que cumpra todas as normas internacionais de aptid\u00e3o para contato com alimentos e bebidas. Esse procedimento assegura que o material seja completamente seguro e adequado para uso na ind\u00fastria aliment\u00edcia.<\/h5>\n\n\n\t\t<\/div>\n\t\t\t\t\t<\/div>\n\n\t\n\n\t<div id=\"col-724001071\" class=\"col medium-6 small-12 large-6\"  >\n\t\t\t\t<div class=\"col-inner\"  >\n\t\t\t\n\t\t\t\n\n\t<div class=\"img has-hover x md-x lg-x y md-y lg-y\" id=\"image_1351338927\">\n\t\t\t\t\t\t\t\t<div class=\"img-inner dark\" >\n\t\t\t<img loading=\"lazy\" decoding=\"async\" width=\"1020\" height=\"739\" src=\"https:\/\/propack.com.uy\/wp-content\/uploads\/2024\/12\/SLIDER5-1104x800.jpg\" class=\"attachment-large size-large\" alt=\"\" srcset=\"https:\/\/propack.com.uy\/wp-content\/uploads\/2024\/12\/SLIDER5-1104x800.jpg 1104w, https:\/\/propack.com.uy\/wp-content\/uploads\/2024\/12\/SLIDER5-552x400.jpg 552w, https:\/\/propack.com.uy\/wp-content\/uploads\/2024\/12\/SLIDER5-768x557.jpg 768w, https:\/\/propack.com.uy\/wp-content\/uploads\/2024\/12\/SLIDER5-600x435.jpg 600w, https:\/\/propack.com.uy\/wp-content\/uploads\/2024\/12\/SLIDER5.jpg 1290w\" sizes=\"auto, (max-width: 1020px) 100vw, 1020px\" \/>\t\t\t\t\t\t\n\t\t\t\t\t<\/div>\n\t\t\t\t\t\t\t\t\n<style>\n#image_1351338927 {\n  width: 100%;\n}\n<\/style>\n\t<\/div>\n\t\n\n\n\t\t<\/div>\n\t\t\t\t\t<\/div>\n\n\t\n\n<\/div>\n\n","protected":false},"excerpt":{"rendered":"","protected":false},"author":1,"featured_media":0,"parent":0,"menu_order":36,"comment_status":"closed","ping_status":"closed","template":"page-blank.php","meta":{"_joinchat":[],"footnotes":""},"class_list":["post-3148","page","type-page","status-publish","hentry"],"yoast_head":"<!-- This site is optimized with the Yoast SEO plugin v27.5 - https:\/\/yoast.com\/product\/yoast-seo-wordpress\/ -->\n<title>Sustentabilidad - Propack<\/title>\n<meta name=\"robots\" content=\"index, follow, max-snippet:-1, max-image-preview:large, max-video-preview:-1\" \/>\n<link rel=\"canonical\" href=\"https:\/\/propack.com.uy\/pt-br\/sustentabilidad\/\" \/>\n<meta property=\"og:locale\" content=\"pt_BR\" \/>\n<meta property=\"og:type\" content=\"article\" \/>\n<meta property=\"og:title\" content=\"Sustentabilidad - Propack\" \/>\n<meta property=\"og:url\" content=\"https:\/\/propack.com.uy\/pt-br\/sustentabilidad\/\" \/>\n<meta property=\"og:site_name\" content=\"Propack\" \/>\n<meta property=\"article:publisher\" content=\"https:\/\/www.facebook.com\/propackempaques\" \/>\n<meta property=\"article:modified_time\" content=\"2025-05-18T23:10:25+00:00\" \/>\n<meta name=\"twitter:card\" content=\"summary_large_image\" \/>\n<meta name=\"twitter:label1\" content=\"Est. tempo de leitura\" \/>\n\t<meta name=\"twitter:data1\" content=\"2 minutos\" \/>\n<script type=\"application\/ld+json\" class=\"yoast-schema-graph\">{\"@context\":\"https:\\\/\\\/schema.org\",\"@graph\":[{\"@type\":\"WebPage\",\"@id\":\"https:\\\/\\\/propack.com.uy\\\/pt-br\\\/sustentabilidad\\\/\",\"url\":\"https:\\\/\\\/propack.com.uy\\\/pt-br\\\/sustentabilidad\\\/\",\"name\":\"Sustentabilidad - Propack\",\"isPartOf\":{\"@id\":\"https:\\\/\\\/propack.com.uy\\\/pt-br\\\/#website\"},\"datePublished\":\"2024-08-05T15:18:17+00:00\",\"dateModified\":\"2025-05-18T23:10:25+00:00\",\"breadcrumb\":{\"@id\":\"https:\\\/\\\/propack.com.uy\\\/pt-br\\\/sustentabilidad\\\/#breadcrumb\"},\"inLanguage\":\"pt-BR\",\"potentialAction\":[{\"@type\":\"ReadAction\",\"target\":[\"https:\\\/\\\/propack.com.uy\\\/pt-br\\\/sustentabilidad\\\/\"]}]},{\"@type\":\"BreadcrumbList\",\"@id\":\"https:\\\/\\\/propack.com.uy\\\/pt-br\\\/sustentabilidad\\\/#breadcrumb\",\"itemListElement\":[{\"@type\":\"ListItem\",\"position\":1,\"name\":\"Portada\",\"item\":\"https:\\\/\\\/propack.com.uy\\\/pt-br\\\/\"},{\"@type\":\"ListItem\",\"position\":2,\"name\":\"Sustentabilidad\"}]},{\"@type\":\"WebSite\",\"@id\":\"https:\\\/\\\/propack.com.uy\\\/pt-br\\\/#website\",\"url\":\"https:\\\/\\\/propack.com.uy\\\/pt-br\\\/\",\"name\":\"Propack\",\"description\":\"Industrias pl\u00e1sticas\",\"publisher\":{\"@id\":\"https:\\\/\\\/propack.com.uy\\\/pt-br\\\/#organization\"},\"potentialAction\":[{\"@type\":\"SearchAction\",\"target\":{\"@type\":\"EntryPoint\",\"urlTemplate\":\"https:\\\/\\\/propack.com.uy\\\/pt-br\\\/?s={search_term_string}\"},\"query-input\":{\"@type\":\"PropertyValueSpecification\",\"valueRequired\":true,\"valueName\":\"search_term_string\"}}],\"inLanguage\":\"pt-BR\"},{\"@type\":\"Organization\",\"@id\":\"https:\\\/\\\/propack.com.uy\\\/pt-br\\\/#organization\",\"name\":\"Propack\",\"url\":\"https:\\\/\\\/propack.com.uy\\\/pt-br\\\/\",\"logo\":{\"@type\":\"ImageObject\",\"inLanguage\":\"pt-BR\",\"@id\":\"https:\\\/\\\/propack.com.uy\\\/pt-br\\\/#\\\/schema\\\/logo\\\/image\\\/\",\"url\":\"https:\\\/\\\/propack.com.uy\\\/wp-content\\\/uploads\\\/2024\\\/08\\\/img-propack.jpg\",\"contentUrl\":\"https:\\\/\\\/propack.com.uy\\\/wp-content\\\/uploads\\\/2024\\\/08\\\/img-propack.jpg\",\"width\":300,\"height\":300,\"caption\":\"Propack\"},\"image\":{\"@id\":\"https:\\\/\\\/propack.com.uy\\\/pt-br\\\/#\\\/schema\\\/logo\\\/image\\\/\"},\"sameAs\":[\"https:\\\/\\\/www.facebook.com\\\/propackempaques\",\"https:\\\/\\\/www.instagram.com\\\/propackuy\\\/\"]}]}<\/script>\n<!-- \/ Yoast SEO plugin. -->","yoast_head_json":{"title":"Sustentabilidad - Propack","robots":{"index":"index","follow":"follow","max-snippet":"max-snippet:-1","max-image-preview":"max-image-preview:large","max-video-preview":"max-video-preview:-1"},"canonical":"https:\/\/propack.com.uy\/pt-br\/sustentabilidad\/","og_locale":"pt_BR","og_type":"article","og_title":"Sustentabilidad - Propack","og_url":"https:\/\/propack.com.uy\/pt-br\/sustentabilidad\/","og_site_name":"Propack","article_publisher":"https:\/\/www.facebook.com\/propackempaques","article_modified_time":"2025-05-18T23:10:25+00:00","twitter_card":"summary_large_image","twitter_misc":{"Est. tempo de leitura":"2 minutos"},"schema":{"@context":"https:\/\/schema.org","@graph":[{"@type":"WebPage","@id":"https:\/\/propack.com.uy\/pt-br\/sustentabilidad\/","url":"https:\/\/propack.com.uy\/pt-br\/sustentabilidad\/","name":"Sustentabilidad - Propack","isPartOf":{"@id":"https:\/\/propack.com.uy\/pt-br\/#website"},"datePublished":"2024-08-05T15:18:17+00:00","dateModified":"2025-05-18T23:10:25+00:00","breadcrumb":{"@id":"https:\/\/propack.com.uy\/pt-br\/sustentabilidad\/#breadcrumb"},"inLanguage":"pt-BR","potentialAction":[{"@type":"ReadAction","target":["https:\/\/propack.com.uy\/pt-br\/sustentabilidad\/"]}]},{"@type":"BreadcrumbList","@id":"https:\/\/propack.com.uy\/pt-br\/sustentabilidad\/#breadcrumb","itemListElement":[{"@type":"ListItem","position":1,"name":"Portada","item":"https:\/\/propack.com.uy\/pt-br\/"},{"@type":"ListItem","position":2,"name":"Sustentabilidad"}]},{"@type":"WebSite","@id":"https:\/\/propack.com.uy\/pt-br\/#website","url":"https:\/\/propack.com.uy\/pt-br\/","name":"Propack","description":"Industrias pl\u00e1sticas","publisher":{"@id":"https:\/\/propack.com.uy\/pt-br\/#organization"},"potentialAction":[{"@type":"SearchAction","target":{"@type":"EntryPoint","urlTemplate":"https:\/\/propack.com.uy\/pt-br\/?s={search_term_string}"},"query-input":{"@type":"PropertyValueSpecification","valueRequired":true,"valueName":"search_term_string"}}],"inLanguage":"pt-BR"},{"@type":"Organization","@id":"https:\/\/propack.com.uy\/pt-br\/#organization","name":"Propack","url":"https:\/\/propack.com.uy\/pt-br\/","logo":{"@type":"ImageObject","inLanguage":"pt-BR","@id":"https:\/\/propack.com.uy\/pt-br\/#\/schema\/logo\/image\/","url":"https:\/\/propack.com.uy\/wp-content\/uploads\/2024\/08\/img-propack.jpg","contentUrl":"https:\/\/propack.com.uy\/wp-content\/uploads\/2024\/08\/img-propack.jpg","width":300,"height":300,"caption":"Propack"},"image":{"@id":"https:\/\/propack.com.uy\/pt-br\/#\/schema\/logo\/image\/"},"sameAs":["https:\/\/www.facebook.com\/propackempaques","https:\/\/www.instagram.com\/propackuy\/"]}]}},"_links":{"self":[{"href":"https:\/\/propack.com.uy\/pt-br\/wp-json\/wp\/v2\/pages\/3148","targetHints":{"allow":["GET"]}}],"collection":[{"href":"https:\/\/propack.com.uy\/pt-br\/wp-json\/wp\/v2\/pages"}],"about":[{"href":"https:\/\/propack.com.uy\/pt-br\/wp-json\/wp\/v2\/types\/page"}],"author":[{"embeddable":true,"href":"https:\/\/propack.com.uy\/pt-br\/wp-json\/wp\/v2\/users\/1"}],"replies":[{"embeddable":true,"href":"https:\/\/propack.com.uy\/pt-br\/wp-json\/wp\/v2\/comments?post=3148"}],"version-history":[{"count":3,"href":"https:\/\/propack.com.uy\/pt-br\/wp-json\/wp\/v2\/pages\/3148\/revisions"}],"predecessor-version":[{"id":11569,"href":"https:\/\/propack.com.uy\/pt-br\/wp-json\/wp\/v2\/pages\/3148\/revisions\/11569"}],"wp:attachment":[{"href":"https:\/\/propack.com.uy\/pt-br\/wp-json\/wp\/v2\/media?parent=3148"}],"curies":[{"name":"wp","href":"https:\/\/api.w.org\/{rel}","templated":true}]}}